{"id":14869,"date":"2024-07-04T10:54:15","date_gmt":"2024-07-04T10:54:15","guid":{"rendered":"https:\/\/estanteriasrecord.com\/productos\/rayonnage-leger-perfore-classique"},"modified":"2025-05-22T12:26:45","modified_gmt":"2025-05-22T10:26:45","slug":"rayonnage-leger-perfore-classique","status":"publish","type":"product","link":"https:\/\/estanteriasrecord.com\/fr\/produits\/rayonnage-leger-perfore-classique","title":{"rendered":"Rayonnage l\u00e9ger perfor\u00e9 classique"},"content":{"rendered":"","protected":false},"excerpt":{"rendered":"<p>Il s\u2019agit du concept de rayonnage l\u00e9ger le plus simple et le plus r\u00e9pandu, du fait de sa <strong>polyvalence et de son prix abordable<\/strong>. \u00c9tant un des d\u00e9veloppements classiques qui durent le plus longtemps, il dispose d\u2019une <strong>importante pr\u00e9sence sur le march\u00e9<\/strong>.<\/p>\n<p>Il s\u2019agit d\u2019une composition \u00e9l\u00e9mentaire de rayonnages fix\u00e9s par des vis \u00e0 des profil\u00e9s verticaux \u00e0 section angulaire en \u00e9querre et perfor\u00e9s sur toute leur longueur ; ces trous permettant le r\u00e9glage en hauteur des niveaux, tous les 2,5 cm.<\/p>\n<p>La possibilit\u00e9 d\u2019agrandir cette structure permet d\u2019\u00e9tendre sur la longueur le rayonnage gr\u00e2ce \u00e0 l\u2019union de plusieurs modules, configurant des lin\u00e9aires simples ou doubles, selon les besoins d\u2019entreposage.<\/p>\n<p>Du fait du design rainur\u00e9 continu de ses profil\u00e9s verticaux, il admet de <strong>multiples variantes constructives,<\/strong> ainsi que l\u2019installation de divers <strong>accessoires afin d\u2019augmenter leur utilit\u00e9<\/strong>.<\/p>\n","protected":false},"featured_media":14361,"comment_status":"open","ping_status":"closed","template":"","meta":{"_acf_changed":false,"_joinchat":[]},"product_brand":[],"product_cat":[54],"product_tag":[],"class_list":{"0":"post-14869","1":"product","2":"type-product","3":"status-publish","4":"has-post-thumbnail","6":"product_cat-rayonnage-mi-lourd-et-leger","8":"first","9":"instock","10":"shipping-taxable","11":"product-type-simple"},"acf":[],"yoast_head":"<!-- This site is optimized with the Yoast SEO plugin v27.0 - https:\/\/yoast.com\/product\/yoast-seo-wordpress\/ -->\n<title>Rayonnage l\u00e9ger perfor\u00e9 classique | Estanter\u00edas Record<\/title>\n<meta name=\"robots\" content=\"index, follow, max-snippet:-1, max-image-preview:large, max-video-preview:-1\" \/>\n<link rel=\"canonical\" href=\"https:\/\/estanteriasrecord.com\/fr\/produits\/rayonnage-leger-perfore-classique\" \/>\n<meta property=\"og:locale\" content=\"fr_FR\" \/>\n<meta property=\"og:type\" content=\"article\" \/>\n<meta property=\"og:title\" content=\"Rayonnage l\u00e9ger perfor\u00e9 classique | Estanter\u00edas Record\" \/>\n<meta property=\"og:description\" content=\"Il s\u2019agit du concept de rayonnage l\u00e9ger le plus simple et le plus r\u00e9pandu, du fait de sa polyvalence et de son prix abordable. \u00c9tant un des d\u00e9veloppements classiques qui durent le plus longtemps, il dispose d\u2019une importante pr\u00e9sence sur le march\u00e9.  Il s\u2019agit d\u2019une composition \u00e9l\u00e9mentaire de rayonnages fix\u00e9s par des vis \u00e0 des profil\u00e9s verticaux \u00e0 section angulaire en \u00e9querre et perfor\u00e9s sur toute leur longueur ; ces trous permettant le r\u00e9glage en hauteur des niveaux, tous les 2,5 cm.  La possibilit\u00e9 d\u2019agrandir cette structure permet d\u2019\u00e9tendre sur la longueur le rayonnage gr\u00e2ce \u00e0 l\u2019union de plusieurs modules, configurant des lin\u00e9aires simples ou doubles, selon les besoins d\u2019entreposage.  Du fait du design rainur\u00e9 continu de ses profil\u00e9s verticaux, il admet de multiples variantes constructives, ainsi que l\u2019installation de divers accessoires afin d\u2019augmenter leur utilit\u00e9.\" \/>\n<meta property=\"og:url\" content=\"https:\/\/estanteriasrecord.com\/fr\/produits\/rayonnage-leger-perfore-classique\" \/>\n<meta property=\"og:site_name\" content=\"Estanter\u00edas Record\" \/>\n<meta property=\"article:publisher\" content=\"https:\/\/www.facebook.com\/estanteriasrecord\/\" \/>\n<meta property=\"article:modified_time\" content=\"2025-05-22T10:26:45+00:00\" \/>\n<meta property=\"og:image\" content=\"https:\/\/estanteriasrecord.com\/wp-content\/uploads\/2024\/07\/LR_main.jpg\" \/>\n\t<meta property=\"og:image:width\" content=\"2362\" \/>\n\t<meta property=\"og:image:height\" content=\"1476\" \/>\n\t<meta property=\"og:image:type\" content=\"image\/jpeg\" \/>\n<meta name=\"twitter:card\" content=\"summary_large_image\" \/>\n<meta name=\"twitter:label1\" content=\"Dur\u00e9e de lecture estim\u00e9e\" \/>\n\t<meta name=\"twitter:data1\" content=\"1 minute\" \/>\n<script type=\"application\/ld+json\" class=\"yoast-schema-graph\">{\"@context\":\"https:\/\/schema.org\",\"@graph\":[{\"@type\":\"WebPage\",\"@id\":\"https:\/\/estanteriasrecord.com\/fr\/produits\/rayonnage-leger-perfore-classique\",\"url\":\"https:\/\/estanteriasrecord.com\/fr\/produits\/rayonnage-leger-perfore-classique\",\"name\":\"Rayonnage l\u00e9ger perfor\u00e9 classique | Estanter\u00edas Record\",\"isPartOf\":{\"@id\":\"https:\/\/estanteriasrecord.com\/fr#website\"},\"primaryImageOfPage\":{\"@id\":\"https:\/\/estanteriasrecord.com\/fr\/produits\/rayonnage-leger-perfore-classique#primaryimage\"},\"image\":{\"@id\":\"https:\/\/estanteriasrecord.com\/fr\/produits\/rayonnage-leger-perfore-classique#primaryimage\"},\"thumbnailUrl\":\"https:\/\/estanteriasrecord.com\/wp-content\/uploads\/2024\/07\/LR_main.jpg\",\"datePublished\":\"2024-07-04T10:54:15+00:00\",\"dateModified\":\"2025-05-22T10:26:45+00:00\",\"breadcrumb\":{\"@id\":\"https:\/\/estanteriasrecord.com\/fr\/produits\/rayonnage-leger-perfore-classique#breadcrumb\"},\"inLanguage\":\"fr-FR\",\"potentialAction\":[{\"@type\":\"ReadAction\",\"target\":[\"https:\/\/estanteriasrecord.com\/fr\/produits\/rayonnage-leger-perfore-classique\"]}]},{\"@type\":\"ImageObject\",\"inLanguage\":\"fr-FR\",\"@id\":\"https:\/\/estanteriasrecord.com\/fr\/produits\/rayonnage-leger-perfore-classique#primaryimage\",\"url\":\"https:\/\/estanteriasrecord.com\/wp-content\/uploads\/2024\/07\/LR_main.jpg\",\"contentUrl\":\"https:\/\/estanteriasrecord.com\/wp-content\/uploads\/2024\/07\/LR_main.jpg\",\"width\":2362,\"height\":1476},{\"@type\":\"BreadcrumbList\",\"@id\":\"https:\/\/estanteriasrecord.com\/fr\/produits\/rayonnage-leger-perfore-classique#breadcrumb\",\"itemListElement\":[{\"@type\":\"ListItem\",\"position\":1,\"name\":\"Portada\",\"item\":\"https:\/\/estanteriasrecord.com\/fr\/estanterias-record\"},{\"@type\":\"ListItem\",\"position\":2,\"name\":\"Magasin\",\"item\":\"https:\/\/estanteriasrecord.com\/fr\/magasin\"},{\"@type\":\"ListItem\",\"position\":3,\"name\":\"Rayonnage l\u00e9ger perfor\u00e9 classique\"}]},{\"@type\":\"WebSite\",\"@id\":\"https:\/\/estanteriasrecord.com\/fr#website\",\"url\":\"https:\/\/estanteriasrecord.com\/fr\",\"name\":\"Estanter\u00edas Record\",\"description\":\"Sistemas eficientes de almacenamiento\",\"publisher\":{\"@id\":\"https:\/\/estanteriasrecord.com\/fr#organization\"},\"potentialAction\":[{\"@type\":\"SearchAction\",\"target\":{\"@type\":\"EntryPoint\",\"urlTemplate\":\"https:\/\/estanteriasrecord.com\/fr?s={search_term_string}\"},\"query-input\":{\"@type\":\"PropertyValueSpecification\",\"valueRequired\":true,\"valueName\":\"search_term_string\"}}],\"inLanguage\":\"fr-FR\"},{\"@type\":\"Organization\",\"@id\":\"https:\/\/estanteriasrecord.com\/fr#organization\",\"name\":\"Estanter\u00edas Record\",\"url\":\"https:\/\/estanteriasrecord.com\/fr\",\"logo\":{\"@type\":\"ImageObject\",\"inLanguage\":\"fr-FR\",\"@id\":\"https:\/\/estanteriasrecord.com\/fr#\/schema\/logo\/image\/\",\"url\":\"https:\/\/estanteriasrecord.com\/wp-content\/uploads\/2024\/03\/logo_cab_doc.png\",\"contentUrl\":\"https:\/\/estanteriasrecord.com\/wp-content\/uploads\/2024\/03\/logo_cab_doc.png\",\"width\":250,\"height\":119,\"caption\":\"Estanter\u00edas Record\"},\"image\":{\"@id\":\"https:\/\/estanteriasrecord.com\/fr#\/schema\/logo\/image\/\"},\"sameAs\":[\"https:\/\/www.facebook.com\/estanteriasrecord\/\"]}]}<\/script>\n<!-- \/ Yoast SEO plugin. -->","yoast_head_json":{"title":"Rayonnage l\u00e9ger perfor\u00e9 classique | Estanter\u00edas Record","robots":{"index":"index","follow":"follow","max-snippet":"max-snippet:-1","max-image-preview":"max-image-preview:large","max-video-preview":"max-video-preview:-1"},"canonical":"https:\/\/estanteriasrecord.com\/fr\/produits\/rayonnage-leger-perfore-classique","og_locale":"fr_FR","og_type":"article","og_title":"Rayonnage l\u00e9ger perfor\u00e9 classique | Estanter\u00edas Record","og_description":"Il s\u2019agit du concept de rayonnage l\u00e9ger le plus simple et le plus r\u00e9pandu, du fait de sa polyvalence et de son prix abordable. \u00c9tant un des d\u00e9veloppements classiques qui durent le plus longtemps, il dispose d\u2019une importante pr\u00e9sence sur le march\u00e9.  Il s\u2019agit d\u2019une composition \u00e9l\u00e9mentaire de rayonnages fix\u00e9s par des vis \u00e0 des profil\u00e9s verticaux \u00e0 section angulaire en \u00e9querre et perfor\u00e9s sur toute leur longueur ; ces trous permettant le r\u00e9glage en hauteur des niveaux, tous les 2,5 cm.  La possibilit\u00e9 d\u2019agrandir cette structure permet d\u2019\u00e9tendre sur la longueur le rayonnage gr\u00e2ce \u00e0 l\u2019union de plusieurs modules, configurant des lin\u00e9aires simples ou doubles, selon les besoins d\u2019entreposage.  Du fait du design rainur\u00e9 continu de ses profil\u00e9s verticaux, il admet de multiples variantes constructives, ainsi que l\u2019installation de divers accessoires afin d\u2019augmenter leur utilit\u00e9.","og_url":"https:\/\/estanteriasrecord.com\/fr\/produits\/rayonnage-leger-perfore-classique","og_site_name":"Estanter\u00edas Record","article_publisher":"https:\/\/www.facebook.com\/estanteriasrecord\/","article_modified_time":"2025-05-22T10:26:45+00:00","og_image":[{"width":2362,"height":1476,"url":"https:\/\/estanteriasrecord.com\/wp-content\/uploads\/2024\/07\/LR_main.jpg","type":"image\/jpeg"}],"twitter_card":"summary_large_image","twitter_misc":{"Dur\u00e9e de lecture estim\u00e9e":"1 minute"},"schema":{"@context":"https:\/\/schema.org","@graph":[{"@type":"WebPage","@id":"https:\/\/estanteriasrecord.com\/fr\/produits\/rayonnage-leger-perfore-classique","url":"https:\/\/estanteriasrecord.com\/fr\/produits\/rayonnage-leger-perfore-classique","name":"Rayonnage l\u00e9ger perfor\u00e9 classique | Estanter\u00edas Record","isPartOf":{"@id":"https:\/\/estanteriasrecord.com\/fr#website"},"primaryImageOfPage":{"@id":"https:\/\/estanteriasrecord.com\/fr\/produits\/rayonnage-leger-perfore-classique#primaryimage"},"image":{"@id":"https:\/\/estanteriasrecord.com\/fr\/produits\/rayonnage-leger-perfore-classique#primaryimage"},"thumbnailUrl":"https:\/\/estanteriasrecord.com\/wp-content\/uploads\/2024\/07\/LR_main.jpg","datePublished":"2024-07-04T10:54:15+00:00","dateModified":"2025-05-22T10:26:45+00:00","breadcrumb":{"@id":"https:\/\/estanteriasrecord.com\/fr\/produits\/rayonnage-leger-perfore-classique#breadcrumb"},"inLanguage":"fr-FR","potentialAction":[{"@type":"ReadAction","target":["https:\/\/estanteriasrecord.com\/fr\/produits\/rayonnage-leger-perfore-classique"]}]},{"@type":"ImageObject","inLanguage":"fr-FR","@id":"https:\/\/estanteriasrecord.com\/fr\/produits\/rayonnage-leger-perfore-classique#primaryimage","url":"https:\/\/estanteriasrecord.com\/wp-content\/uploads\/2024\/07\/LR_main.jpg","contentUrl":"https:\/\/estanteriasrecord.com\/wp-content\/uploads\/2024\/07\/LR_main.jpg","width":2362,"height":1476},{"@type":"BreadcrumbList","@id":"https:\/\/estanteriasrecord.com\/fr\/produits\/rayonnage-leger-perfore-classique#breadcrumb","itemListElement":[{"@type":"ListItem","position":1,"name":"Portada","item":"https:\/\/estanteriasrecord.com\/fr\/estanterias-record"},{"@type":"ListItem","position":2,"name":"Magasin","item":"https:\/\/estanteriasrecord.com\/fr\/magasin"},{"@type":"ListItem","position":3,"name":"Rayonnage l\u00e9ger perfor\u00e9 classique"}]},{"@type":"WebSite","@id":"https:\/\/estanteriasrecord.com\/fr#website","url":"https:\/\/estanteriasrecord.com\/fr","name":"Estanter\u00edas Record","description":"Sistemas eficientes de almacenamiento","publisher":{"@id":"https:\/\/estanteriasrecord.com\/fr#organization"},"potentialAction":[{"@type":"SearchAction","target":{"@type":"EntryPoint","urlTemplate":"https:\/\/estanteriasrecord.com\/fr?s={search_term_string}"},"query-input":{"@type":"PropertyValueSpecification","valueRequired":true,"valueName":"search_term_string"}}],"inLanguage":"fr-FR"},{"@type":"Organization","@id":"https:\/\/estanteriasrecord.com\/fr#organization","name":"Estanter\u00edas Record","url":"https:\/\/estanteriasrecord.com\/fr","logo":{"@type":"ImageObject","inLanguage":"fr-FR","@id":"https:\/\/estanteriasrecord.com\/fr#\/schema\/logo\/image\/","url":"https:\/\/estanteriasrecord.com\/wp-content\/uploads\/2024\/03\/logo_cab_doc.png","contentUrl":"https:\/\/estanteriasrecord.com\/wp-content\/uploads\/2024\/03\/logo_cab_doc.png","width":250,"height":119,"caption":"Estanter\u00edas Record"},"image":{"@id":"https:\/\/estanteriasrecord.com\/fr#\/schema\/logo\/image\/"},"sameAs":["https:\/\/www.facebook.com\/estanteriasrecord\/"]}]}},"_links":{"self":[{"href":"https:\/\/estanteriasrecord.com\/fr\/wp-json\/wp\/v2\/product\/14869","targetHints":{"allow":["GET"]}}],"collection":[{"href":"https:\/\/estanteriasrecord.com\/fr\/wp-json\/wp\/v2\/product"}],"about":[{"href":"https:\/\/estanteriasrecord.com\/fr\/wp-json\/wp\/v2\/types\/product"}],"replies":[{"embeddable":true,"href":"https:\/\/estanteriasrecord.com\/fr\/wp-json\/wp\/v2\/comments?post=14869"}],"wp:featuredmedia":[{"embeddable":true,"href":"https:\/\/estanteriasrecord.com\/fr\/wp-json\/wp\/v2\/media\/14361"}],"wp:attachment":[{"href":"https:\/\/estanteriasrecord.com\/fr\/wp-json\/wp\/v2\/media?parent=14869"}],"wp:term":[{"taxonomy":"product_brand","embeddable":true,"href":"https:\/\/estanteriasrecord.com\/fr\/wp-json\/wp\/v2\/product_brand?post=14869"},{"taxonomy":"product_cat","embeddable":true,"href":"https:\/\/estanteriasrecord.com\/fr\/wp-json\/wp\/v2\/product_cat?post=14869"},{"taxonomy":"product_tag","embeddable":true,"href":"https:\/\/estanteriasrecord.com\/fr\/wp-json\/wp\/v2\/product_tag?post=14869"}],"curies":[{"name":"wp","href":"https:\/\/api.w.org\/{rel}","templated":true}]}}